{"id":1931,"date":"2023-07-03T07:08:26","date_gmt":"2023-07-03T05:08:26","guid":{"rendered":"https:\/\/ronds-points.ch\/?page_id=1931"},"modified":"2023-10-16T05:10:47","modified_gmt":"2023-10-16T03:10:47","slug":"wie-oder-was-3","status":"publish","type":"page","link":"https:\/\/ronds-points.ch\/de\/presse\/","title":{"rendered":"Presse"},"content":{"rendered":"<p>[et_pb_section fb_built=\u00a0\u00bb1&Prime; _builder_version=\u00a0\u00bb4.21.0&Prime; _module_preset=\u00a0\u00bbdefault\u00a0\u00bb use_background_color_gradient=\u00a0\u00bbon\u00a0\u00bb background_color_gradient_direction=\u00a0\u00bb90deg\u00a0\u00bb background_color_gradient_stops=\u00a0\u00bb#191000 20%|#ffffff 75%\u00a0\u00bb background_color_gradient_start=\u00a0\u00bb#191000&Prime; background_color_gradient_start_position=\u00a0\u00bb20%\u00a0\u00bb background_color_gradient_end=\u00a0\u00bb#ffffff\u00a0\u00bb background_color_gradient_end_position=\u00a0\u00bb75%\u00a0\u00bb background_image=\u00a0\u00bbhttps:\/\/ronds-points.ch\/wp-content\/uploads\/2022\/09\/RP120-l.png\u00a0\u00bb background_position=\u00a0\u00bbbottom_left\u00a0\u00bb background_vertical_offset=\u00a0\u00bb13%\u00a0\u00bb background_blend=\u00a0\u00bbmultiply\u00a0\u00bb min_height=\u00a0\u00bb450px\u00a0\u00bb global_colors_info=\u00a0\u00bb{}\u00a0\u00bb][et_pb_row _builder_version=\u00a0\u00bb4.16&Prime; _module_preset=\u00a0\u00bbdefault\u00a0\u00bb global_colors_info=\u00a0\u00bb{}\u00a0\u00bb][et_pb_column type=\u00a0\u00bb4_4&Prime; _builder_version=\u00a0\u00bb4.16&Prime; _module_preset=\u00a0\u00bbdefault\u00a0\u00bb global_colors_info=\u00a0\u00bb{}\u00a0\u00bb][et_pb_text _builder_version=\u00a0\u00bb4.21.0&Prime; _module_preset=\u00a0\u00bbdefault\u00a0\u00bb header_2_font=\u00a0\u00bbOswald||||||||\u00a0\u00bb header_2_text_color=\u00a0\u00bb#FFFFFF\u00a0\u00bb header_2_font_size=\u00a0\u00bb90px\u00a0\u00bb header_2_line_height=\u00a0\u00bb1.1em\u00a0\u00bb text_orientation=\u00a0\u00bbcenter\u00a0\u00bb custom_margin=\u00a0\u00bb43px||||false|false\u00a0\u00bb custom_margin_tablet=\u00a0\u00bb\u00a0\u00bb custom_margin_phone=\u00a0\u00bb65px||||false|false\u00a0\u00bb custom_margin_last_edited=\u00a0\u00bbon|phone\u00a0\u00bb header_2_font_size_tablet=\u00a0\u00bb\u00a0\u00bb header_2_font_size_phone=\u00a0\u00bb50px\u00a0\u00bb header_2_font_size_last_edited=\u00a0\u00bbon|phone\u00a0\u00bb global_colors_info=\u00a0\u00bb{}\u00a0\u00bb]<\/p>\n<h2>ON EN PARLE<\/h2>\n<p>[\/et_pb_text][\/et_pb_column][\/et_pb_row][\/et_pb_section][et_pb_section fb_built=\u00a0\u00bb1&Prime; _builder_version=\u00a0\u00bb4.16&Prime; _module_preset=\u00a0\u00bbdefault\u00a0\u00bb collapsed=\u00a0\u00bboff\u00a0\u00bb global_colors_info=\u00a0\u00bb{}\u00a0\u00bb custom_padding=\u00a0\u00bb1px||0px|||\u00a0\u00bb][et_pb_row _builder_version=\u00a0\u00bb4.22.1&Prime; _module_preset=\u00a0\u00bbdefault\u00a0\u00bb custom_padding=\u00a0\u00bb60px||||false|false\u00a0\u00bb global_colors_info=\u00a0\u00bb{}\u00a0\u00bb][et_pb_column type=\u00a0\u00bb4_4&Prime; _builder_version=\u00a0\u00bb4.16&Prime; _module_preset=\u00a0\u00bbdefault\u00a0\u00bb global_colors_info=\u00a0\u00bb{}\u00a0\u00bb][et_pb_text _builder_version=\u00a0\u00bb4.22.2&Prime; _module_preset=\u00a0\u00bbdefault\u00a0\u00bb text_font_size=\u00a0\u00bb13px\u00a0\u00bb header_2_font=\u00a0\u00bbOswald||||||||\u00a0\u00bb header_2_font_size=\u00a0\u00bb40px\u00a0\u00bb header_3_font=\u00a0\u00bbTangerine||||||||\u00a0\u00bb header_3_text_color=\u00a0\u00bb#0C71C3&Prime; header_3_font_size=\u00a0\u00bb100px\u00a0\u00bb text_orientation=\u00a0\u00bbcenter\u00a0\u00bb custom_margin=\u00a0\u00bb||24px|||\u00a0\u00bb hover_enabled=\u00a0\u00bb0&Prime; global_colors_info=\u00a0\u00bb{}\u00a0\u00bb sticky_enabled=\u00a0\u00bb0&Prime;]<\/p>\n<h2 class=\"h1\">L\u00e9onard Gianadda: Martigny, \u00ab\u00a0seule ville suisse o\u00f9 tous les feux rouges sont remplac\u00e9s par des oeuvres d&rsquo;art\u00a0\u00bb<\/h2>\n<p>*source : extrait de l&rsquo;article du Nouvelliste (<a href=\"https:\/\/tinyurl.com\/3hp8yy8u\">https:\/\/www.rts.ch\/info\/culture\/arts-visuels\/14387899-leonard-gianadda-martigny-seule-ville-suisse-ou-tous-les-feux-rouges-sont-remplaces-par-des-oeuvres-dart.html<\/a>) &#8211; par Philippe Revaz (14 oct. 2023)<\/p>\n<p>[\/et_pb_text][et_pb_text _builder_version=\u00a0\u00bb4.22.2&Prime; _module_preset=\u00a0\u00bbdefault\u00a0\u00bb text_font_size=\u00a0\u00bb18px\u00a0\u00bb text_line_height=\u00a0\u00bb1.5em\u00a0\u00bb ul_line_height=\u00a0\u00bb1.7em\u00a0\u00bb header_2_font=\u00a0\u00bbOswald||||||||\u00a0\u00bb header_2_font_size=\u00a0\u00bb50px\u00a0\u00bb header_3_font=\u00a0\u00bbOswald||||||||\u00a0\u00bb header_6_font=\u00a0\u00bb||on||||||\u00a0\u00bb header_6_text_align=\u00a0\u00bbcenter\u00a0\u00bb header_6_font_size=\u00a0\u00bb13px\u00a0\u00bb header_6_line_height=\u00a0\u00bb1.2em\u00a0\u00bb hover_enabled=\u00a0\u00bb0&Prime; global_colors_info=\u00a0\u00bb{}\u00a0\u00bb sticky_enabled=\u00a0\u00bb0&Prime;]<\/p>\n<p class=\"text-strong\" style=\"text-align: center;\"><span>\u201c&#8230; Martigny rayonne gr\u00e2ce \u00e0 sa fondation. Et c&rsquo;est \u00ab\u00a0la seule ville suisse sans feu rouge, ils sont tous remplac\u00e9s par des oeuvres d&rsquo;art\u00a0\u00bb, glisse dans un sourire L\u00e9onard Gianadda, qui a financ\u00e9 l&rsquo;installation de sculptures sur tous les giratoires. Signe de l&rsquo;importance du personnage, le m\u00e9c\u00e8ne rappelle qu&rsquo;une seule mise \u00e0 l&rsquo;enqu\u00eate a \u00e9t\u00e9 faite, alors qu&rsquo;un dix-neuvi\u00e8me giratoire va \u00eatre dot\u00e9 d&rsquo;une installation. \u00ab\u00a0C&rsquo;est un peu le Texas\u00a0\u00bb, mais \u00ab\u00a0est-ce que vous connaissez d&rsquo;autres cas avec des giratoires comme \u00e7a?\u00a0\u00bb, s&rsquo;amuse le Valaisan. &#8230; \u201d<\/span><\/p>\n<h6 style=\"text-align: center;\"><a href=\"https:\/\/www.rts.ch\/play\/tv\/redirect\/detail\/14389247\" target=\"_blank\" rel=\"noopener\"><img decoding=\"async\" data-src=\"https:\/\/ronds-points.ch\/wp-content\/uploads\/2023\/10\/2023-10-16_10h06_53-300x167.png\" width=\"413\" height=\"230\" alt=\"2023 10 16 10h06 53\" class=\"wp-image-1954 size-medium lazyload\" style=\"--smush-placeholder-width: 413px; --smush-placeholder-aspect-ratio: 413\/230;display: block; margin-left: auto; margin-right: auto;\" src=\"data:image\/svg+xml;base64,PHN2ZyB3aWR0aD0iMSIgaGVpZ2h0PSIxIiB4bWxucz0iaHR0cDovL3d3dy53My5vcmcvMjAwMC9zdmciPjwvc3ZnPg==\" \/><\/a>(voir l&rsquo;interview)\u00a0<\/h6>\n<p>[\/et_pb_text][\/et_pb_column][\/et_pb_row][\/et_pb_section][et_pb_section fb_built=\u00a0\u00bb1&Prime; _builder_version=\u00a0\u00bb4.22.2&Prime; _module_preset=\u00a0\u00bbdefault\u00a0\u00bb hover_enabled=\u00a0\u00bb0&Prime; collapsed=\u00a0\u00bboff\u00a0\u00bb global_colors_info=\u00a0\u00bb{}\u00a0\u00bb custom_padding=\u00a0\u00bb1px||0px|||\u00a0\u00bb background_color=\u00a0\u00bb#efefef\u00a0\u00bb sticky_enabled=\u00a0\u00bb0&Prime;][et_pb_row _builder_version=\u00a0\u00bb4.22.1&Prime; _module_preset=\u00a0\u00bbdefault\u00a0\u00bb custom_padding=\u00a0\u00bb60px||||false|false\u00a0\u00bb global_colors_info=\u00a0\u00bb{}\u00a0\u00bb][et_pb_column type=\u00a0\u00bb4_4&Prime; _builder_version=\u00a0\u00bb4.16&Prime; _module_preset=\u00a0\u00bbdefault\u00a0\u00bb global_colors_info=\u00a0\u00bb{}\u00a0\u00bb][et_pb_text _builder_version=\u00a0\u00bb4.22.1&Prime; _module_preset=\u00a0\u00bbdefault\u00a0\u00bb text_font_size=\u00a0\u00bb13px\u00a0\u00bb header_2_font=\u00a0\u00bbOswald||||||||\u00a0\u00bb header_2_font_size=\u00a0\u00bb40px\u00a0\u00bb header_3_font=\u00a0\u00bbTangerine||||||||\u00a0\u00bb header_3_text_color=\u00a0\u00bb#0C71C3&Prime; header_3_font_size=\u00a0\u00bb100px\u00a0\u00bb text_orientation=\u00a0\u00bbcenter\u00a0\u00bb custom_margin=\u00a0\u00bb||24px|||\u00a0\u00bb global_colors_info=\u00a0\u00bb{}\u00a0\u00bb]<\/p>\n<h2 class=\"h1\">Sion: Pro Velo milite pour des ronds-points \u00e0 la \u00abn\u00e9erlandaise\u00bb pour \u00e9viter des accidents de v\u00e9lo<\/h2>\n<p>*source : Le Nouvelliste (<a href=\"https:\/\/tinyurl.com\/3hp8yy8u\">https:\/\/tinyurl.com\/ytxpjb92https:\/\/tinyurl.com\/3hp8yy8u<\/a>) &#8211; par Fabrice Zwahlen (06 sept. 2023)<\/p>\n<p>[\/et_pb_text][et_pb_text _builder_version=\u00a0\u00bb4.22.1&Prime; _module_preset=\u00a0\u00bbdefault\u00a0\u00bb text_font_size=\u00a0\u00bb18px\u00a0\u00bb text_line_height=\u00a0\u00bb1.5em\u00a0\u00bb ul_line_height=\u00a0\u00bb1.7em\u00a0\u00bb header_2_font=\u00a0\u00bbOswald||||||||\u00a0\u00bb header_2_font_size=\u00a0\u00bb50px\u00a0\u00bb header_3_font=\u00a0\u00bbOswald||||||||\u00a0\u00bb header_6_font=\u00a0\u00bb||on||||||\u00a0\u00bb header_6_text_align=\u00a0\u00bbcenter\u00a0\u00bb header_6_font_size=\u00a0\u00bb13px\u00a0\u00bb header_6_line_height=\u00a0\u00bb1.2em\u00a0\u00bb global_colors_info=\u00a0\u00bb{}\u00a0\u00bb]<\/p>\n<p class=\"text-strong\" style=\"text-align: center;\">Pro Velo Valais\/Wallis a men\u00e9 mardi \u00e0 Sion une action de sensibilisation dans les giratoires en collaboration avec la police cantonale. L\u2019association lance un appel pour des giratoires n\u00e9erlandais.<\/p>\n<p class=\"text-strong\" style=\"text-align: center;\"><img decoding=\"async\" data-src=\"https:\/\/ronds-points.ch\/wp-content\/uploads\/2023\/09\/pro-velo-photo.jpg-300x225.webp\" width=\"567\" height=\"425\" alt=\"\" class=\"wp-image-1944 alignnone size-medium lazyload\" src=\"data:image\/svg+xml;base64,PHN2ZyB3aWR0aD0iMSIgaGVpZ2h0PSIxIiB4bWxucz0iaHR0cDovL3d3dy53My5vcmcvMjAwMC9zdmciPjwvc3ZnPg==\" style=\"--smush-placeholder-width: 567px; --smush-placeholder-aspect-ratio: 567\/425;\" \/><\/p>\n<h6>Pro Velo Valais\/Wallis milite pour la construction de giratoires \u00e0 la mode n\u00e9erlandaise.<br \/><span class=\"text-nowrap\" data-v-1f28c195=\"\">DR<\/span><\/h6>\n<p>Les derniers chiffres du<span>\u00a0<\/span><a href=\"https:\/\/www.bfu.ch\/fr\" rel=\"noopener noreferrer\" target=\"_blank\">Bureau de pr\u00e9vention des accidents<\/a><span>\u00a0<\/span>(BPA) le d\u00e9montrent: plus de 40% des accidents survenus dans un giratoire impliquent un v\u00e9lo. \u00abDans la majorit\u00e9 des cas, l\u2019accident r\u00e9sulte d\u2019une collision avec un v\u00e9hicule motoris\u00e9 qui s\u2019engage dans le giratoire et qui n\u2019a pas vu le cycliste\u00bb, rappelle<span>\u00a0<\/span><a href=\"https:\/\/pro-velo-valais.ch\/\" rel=\"noopener noreferrer\" target=\"_blank\">Pro Velo Valais\/Wallis<\/a><span>\u00a0<\/span>\u00e0 l\u2019occasion d\u2019une action de sensibilisation, men\u00e9e mardi \u00e0 Sion, en compagnie de la police cantonale.<\/p>\n<p>\u00abLe constat de nombreux cyclistes rencontr\u00e9s durant les derni\u00e8res actions de sensibilisation est unanime: les giratoires font peur\u00bb, poursuit l\u2019association. \u00abLa cohabitation dans un tel petit<span>\u00a0<\/span><a href=\"https:\/\/www.lenouvelliste.ch\/mot-cles\/espace\/\" class=\"seoKeyword\">espace<\/a><span>\u00a0<\/span>avec un v\u00e9hicule motoris\u00e9 n\u2019incite pas au transfert modal, vers la mobilit\u00e9 douce. D\u2019autant plus que l\u2019av\u00e8nement des giratoires \u00e0 double voie a amplifi\u00e9 le niveau de dangerosit\u00e9.\u00bb<\/p>\n<div id=\"adnzfeedFirst\" class=\"text-center\">\n<section class=\"container-fluid px-0 px-sm-20\" id=\"adnzfeedFirstSec\">\n<div>\n<div class=\"container-1280 mx-auto\">\n<div class=\"components-advertisement\">\n<div class=\"text-center mt-3 mb-6\"><\/div>\n<\/div>\n<\/div>\n<\/div>\n<\/section>\n<\/div>\n<h3 class=\"intertitre\">Giratoires dangereux<\/h3>\n<p>Les giratoires \u00e0 double voie fleurissent en Suisse, alors que leur impact sur la fluidification du trafic demeure difficile \u00e0 d\u00e9montrer. Ce mod\u00e8le, th\u00e9oriquement efficace, ne l\u2019est pas en pratique, principalement en raison d\u2019une utilisation inad\u00e9quate par les voitures. \u00abSouvent construits sur des axes tr\u00e8s fr\u00e9quent\u00e9s \u00e0 l\u2019or\u00e9e des agglom\u00e9rations, les giratoires \u00e0 double voie sont tr\u00e8s dangereux pour les cyclistes pendulaires qui veulent se rendre en ville\u00bb, estime Pro Velo.<\/p>\n<p>[\/et_pb_text][\/et_pb_column][\/et_pb_row][\/et_pb_section][et_pb_section fb_built=\u00a0\u00bb1&Prime; _builder_version=\u00a0\u00bb4.16&Prime; _module_preset=\u00a0\u00bbdefault\u00a0\u00bb collapsed=\u00a0\u00bboff\u00a0\u00bb global_colors_info=\u00a0\u00bb{}\u00a0\u00bb custom_padding=\u00a0\u00bb3px|||||\u00a0\u00bb][et_pb_row _builder_version=\u00a0\u00bb4.22.2&Prime; _module_preset=\u00a0\u00bbdefault\u00a0\u00bb custom_margin=\u00a0\u00bb||||false|false\u00a0\u00bb custom_padding=\u00a0\u00bb60px||||false|false\u00a0\u00bb hover_enabled=\u00a0\u00bb0&Prime; global_colors_info=\u00a0\u00bb{}\u00a0\u00bb sticky_enabled=\u00a0\u00bb0&Prime;][et_pb_column type=\u00a0\u00bb4_4&Prime; _builder_version=\u00a0\u00bb4.16&Prime; _module_preset=\u00a0\u00bbdefault\u00a0\u00bb global_colors_info=\u00a0\u00bb{}\u00a0\u00bb][et_pb_text _builder_version=\u00a0\u00bb4.21.0&Prime; _module_preset=\u00a0\u00bbdefault\u00a0\u00bb text_font_size=\u00a0\u00bb13px\u00a0\u00bb header_2_font=\u00a0\u00bbOswald||||||||\u00a0\u00bb header_2_font_size=\u00a0\u00bb40px\u00a0\u00bb header_3_font=\u00a0\u00bbTangerine||||||||\u00a0\u00bb header_3_text_color=\u00a0\u00bb#0C71C3&Prime; header_3_font_size=\u00a0\u00bb100px\u00a0\u00bb text_orientation=\u00a0\u00bbcenter\u00a0\u00bb custom_margin=\u00a0\u00bb||24px|||\u00a0\u00bb global_colors_info=\u00a0\u00bb{}\u00a0\u00bb]<\/p>\n<h2 class=\"h1\">Martigny: 18 sculptures ornent les ronds-points de la ville.<br \/>D\u00e9couvrez-les dans un livre<\/h2>\n<p>*source : Le Nouvelliste (<a href=\"https:\/\/tinyurl.com\/3hp8yy8u\">https:\/\/tinyurl.com\/3hp8yy8u<\/a>) &#8211; par\u00a0Olivier Rausis (03 janv. 2023)<\/p>\n<p>[\/et_pb_text][et_pb_text _builder_version=\u00a0\u00bb4.21.0&Prime; _module_preset=\u00a0\u00bbdefault\u00a0\u00bb text_font_size=\u00a0\u00bb18px\u00a0\u00bb text_line_height=\u00a0\u00bb1.5em\u00a0\u00bb ul_line_height=\u00a0\u00bb1.7em\u00a0\u00bb header_2_font=\u00a0\u00bbOswald||||||||\u00a0\u00bb header_2_font_size=\u00a0\u00bb50px\u00a0\u00bb header_3_font=\u00a0\u00bbOswald||||||||\u00a0\u00bb header_6_font=\u00a0\u00bb||on||||||\u00a0\u00bb header_6_text_align=\u00a0\u00bbcenter\u00a0\u00bb header_6_font_size=\u00a0\u00bb13px\u00a0\u00bb header_6_line_height=\u00a0\u00bb1.2em\u00a0\u00bb global_colors_info=\u00a0\u00bb{}\u00a0\u00bb]<\/p>\n<p class=\"text-strong\">La Fondation Pierre Gianadda a sorti de presse un livre consacr\u00e9 \u00e0 l\u2019art dans la ville et aux sculptures ornant, depuis bient\u00f4t trente ans, les giratoires de Martigny.<\/p>\n<p class=\"text-strong\"><img decoding=\"async\" data-src=\"https:\/\/ronds-points.ch\/wp-content\/uploads\/2023\/07\/le-nouvelliste-016386.jpg-300x225.webp\" width=\"679\" height=\"509\" alt=\"\" class=\"wp-image-1935 alignnone size-medium lazyload\" style=\"--smush-placeholder-width: 679px; --smush-placeholder-aspect-ratio: 679\/509;display: block; margin-left: auto; margin-right: auto;\" src=\"data:image\/svg+xml;base64,PHN2ZyB3aWR0aD0iMSIgaGVpZ2h0PSIxIiB4bWxucz0iaHR0cDovL3d3dy53My5vcmcvMjAwMC9zdmciPjwvc3ZnPg==\" \/><\/p>\n<h6>A l\u2019exemple de \u00abComplainte du vent\u00bb de Gillian White, des sculptures monumentales ornent tous les ronds-points de la ville de Martigny.<\/h6>\n<h6 class=\"text-strong\"><span class=\"text-nowrap\" data-v-1f28c195=\"\">Sabine Papilloud<\/span><\/h6>\n<p><span class=\"text-nowrap\" data-v-1f28c195=\"\"><\/span><\/p>\n<p><span class=\"text-nowrap\" data-v-1f28c195=\"\"><\/span><\/p>\n<p><span class=\"text-nowrap\" data-v-1f28c195=\"\"><\/span><\/p>\n<p class=\"text-strong\"><span>\u00abL\u2019aventure des sculptures ornant les giratoires de la ville de Martigny a commenc\u00e9 en 1994, sous l\u2019impulsion de L\u00e9onard Gianadda, et elle se poursuit trente ans plus tard. Cela m\u00e9rite bien un livre qui met en perspective un concept tr\u00e8s appr\u00e9ci\u00e9 et toujours unique \u00e0 ce jour.\u00bb<\/span><\/p>\n<p class=\"text-strong\" style=\"text-align: center;\"><span><img decoding=\"async\" data-src=\"https:\/\/ronds-points.ch\/wp-content\/uploads\/2023\/07\/le-nouvelliste-016367-300x200.jpg\" width=\"474\" height=\"316\" alt=\"\" class=\"wp-image-1934 alignnone size-medium lazyload\" src=\"data:image\/svg+xml;base64,PHN2ZyB3aWR0aD0iMSIgaGVpZ2h0PSIxIiB4bWxucz0iaHR0cDovL3d3dy53My5vcmcvMjAwMC9zdmciPjwvc3ZnPg==\" style=\"--smush-placeholder-width: 474px; --smush-placeholder-aspect-ratio: 474\/316;\" \/><\/span><\/p>\n<h6 class=\"text-strong\" style=\"text-align: center;\"><span>Ornant le giratoire de la chapelle Saint-Michel depuis 1995, \u00abSecr\u00e8te\u00bb d\u2019Antoine Poncet est la premi\u00e8re des sculptures install\u00e9es sur les ronds-points de la ville. \u00a9 Sabine Papilloud<\/span><\/h6>\n<p class=\"text-strong\" style=\"text-align: center;\"><span><\/span><\/p>\n<p class=\"text-strong\" style=\"text-align: center;\"><span><\/span><\/p>\n<div class=\"fr-img-space-wrap\">\n<p class=\"fr-img-space-wrap2\">Comme le souligne l\u2019historien Jean-Henry Papilloud, on parle depuis longtemps des fameux giratoires artistiques de Martigny, mais aucune compilation exhaustive n\u2019existait \u00e0 ce jour. C\u2019est d\u00e9sormais chose faite avec le livre que vient d\u2019\u00e9diter la<span>\u00a0<\/span><a href=\"https:\/\/www.gianadda.ch\/\" rel=\"noopener noreferrer\" target=\"_blank\">Fondation Gianadda<\/a><span>\u00a0<\/span>sur l\u2019art dans la ville.<\/p>\n<\/div>\n<p>\u00abOn n\u2019y parle en effet pas que des ronds-points, mais \u00e9galement des autres am\u00e9nagements r\u00e9alis\u00e9s au fil du temps dans la rue, \u00e0 l\u2019exemple des c\u00e9ramiques monumentales sur des b\u00e2timents publics ou priv\u00e9s, des vitrines arch\u00e9ologiques dans le passage sous-voie de la gare CFF, des vitraux de trois chapelles de la ville, des fontaines du tepidarium ou encore des statues de l\u2019amphith\u00e9\u00e2tre.\u00bb<\/p>\n<p>[\/et_pb_text][et_pb_text _builder_version=\u00a0\u00bb4.21.0&Prime; _module_preset=\u00a0\u00bbdefault\u00a0\u00bb text_font_size=\u00a0\u00bb18px\u00a0\u00bb text_line_height=\u00a0\u00bb1.5em\u00a0\u00bb ul_line_height=\u00a0\u00bb1.7em\u00a0\u00bb header_2_font=\u00a0\u00bbOswald||||||||\u00a0\u00bb header_2_font_size=\u00a0\u00bb50px\u00a0\u00bb header_3_font=\u00a0\u00bbOswald||||||||\u00a0\u00bb header_6_font=\u00a0\u00bb||on||||||\u00a0\u00bb header_6_font_size=\u00a0\u00bb13px\u00a0\u00bb header_6_line_height=\u00a0\u00bb1.2em\u00a0\u00bb global_colors_info=\u00a0\u00bb{}\u00a0\u00bb]<\/p>\n<h3 class=\"intertitre\">Bient\u00f4t 19 sculptures<\/h3>\n<p>Le principal auteur du livre est l\u2019historien de l\u2019art Matthias Frehner, qui a notamment dirig\u00e9 le Kunstmuseum de Berne. \u00abL\u2019entretien qu\u2019il a eu avec L\u00e9onard Gianadda est retranscrit dans le livre. C\u2019est l\u2019occasion de rappeler que l\u2019objectif du concept est de mettre en valeur des artistes suisses renomm\u00e9s. A une exception pr\u00e8s, tous sont tr\u00e8s satisfaits que leurs \u0153uvres soient expos\u00e9es sur des giratoires, avec une belle visibilit\u00e9 \u00e0 la clef\u00bb, affirme l\u2019historienne de l\u2019art Sophia Cantinotti.<\/p>\n<p>&nbsp;<\/p>\n<p>&nbsp;<\/p>\n<p style=\"text-align: center;\"><img decoding=\"async\" data-src=\"https:\/\/ronds-points.ch\/wp-content\/uploads\/2023\/07\/le-nouvelliste-016399-300x200.jpg\" width=\"453\" height=\"302\" alt=\"\" class=\"wp-image-1936 alignnone size-medium lazyload\" src=\"data:image\/svg+xml;base64,PHN2ZyB3aWR0aD0iMSIgaGVpZ2h0PSIxIiB4bWxucz0iaHR0cDovL3d3dy53My5vcmcvMjAwMC9zdmciPjwvc3ZnPg==\" style=\"--smush-placeholder-width: 453px; --smush-placeholder-aspect-ratio: 453\/302;\" \/><\/p>\n<h6 style=\"text-align: center;\"><span>A l\u2019origine de l\u2019aventure des sculptures ornant les giratoires de la ville de Martigny, L\u00e9onard Gianadda pr\u00e9sente ici le c\u00e9l\u00e8bre Minotaure d\u2019Hans Erni, qui tr\u00f4ne depuis 1999 sur le rond-point avenue de la Gare \u2013 rue du L\u00e9man. \u00a9 Sabine Papilloud<\/span><\/h6>\n<p><span><\/span><\/p>\n<p><span><\/span><\/p>\n<p><span><\/span><\/p>\n<div class=\"fr-img-space-wrap\">\n<p class=\"fr-img-space-wrap2\">A ce jour, 18 sculptures ont \u00e9t\u00e9 install\u00e9es, mais le livre d\u00e9voile d\u00e9j\u00e0 la 19e, une cr\u00e9ation de James Licini, destin\u00e9e \u00e0 orner le futur rond-point qui devrait \u00eatre am\u00e9nag\u00e9 sur la route cantonale Martigny-Vernayaz, \u00e0 la hauteur de la route d\u2019Ottan.<\/p>\n<\/div>\n<p>Matthias Frehner pr\u00e9sente \u00e9galement chaque sculpture en d\u00e9tail, alors que les biographies et bibliographies des artistes ont \u00e9t\u00e9 \u00e9crites par Sophia Cantinotti et Jean-Henry Papilloud.<\/p>\n<h3 class=\"intertitre\">Un portfolio nocturne<\/h3>\n<p>Enfin, si la plupart des photos du livre sont des documents d\u2019archives, r\u00e9alis\u00e9s lors de l\u2019installation de chacune des sculptures, par Georges-Andr\u00e9 Cretton et Michel Darbellay, un magnifique portfolio, avec des photographies des giratoires de nuit sign\u00e9es Jean-Yves Glassey, est ins\u00e9r\u00e9 dans l\u2019ouvrage.<\/p>\n<p>Jean-Yves Glassey offre ainsi aux lecteurs un nouveau regard sur les sculptures qui embellissent Martigny. \u00abR\u00e9v\u00e9l\u00e9es par l\u2019obscurit\u00e9, tout autant que par les lumi\u00e8res de la cit\u00e9, les \u0153uvres apparaissent comme des phares au milieu de la vie nocturne\u00bb, conclut Sophia Cantinotti.<\/p>\n<p>[\/et_pb_text][\/et_pb_column][\/et_pb_row][\/et_pb_section]<\/p>\n","protected":false},"excerpt":{"rendered":"<p>ON EN PARLEL\u00e9onard Gianadda: Martigny, \u00ab\u00a0seule ville suisse o\u00f9 tous les feux rouges sont remplac\u00e9s par des oeuvres d&rsquo;art\u00a0\u00bb *source : extrait de l&rsquo;article du Nouvelliste (https:\/\/www.rts.ch\/info\/culture\/arts-visuels\/14387899-leonard-gianadda-martigny-seule-ville-suisse-ou-tous-les-feux-rouges-sont-remplaces-par-des-oeuvres-dart.html) &#8211; par Philippe Revaz (14 oct. 2023)\u201c&#8230; Martigny rayonne gr\u00e2ce \u00e0 sa fondation. Et c&rsquo;est \u00ab\u00a0la seule ville suisse sans feu rouge, ils sont tous remplac\u00e9s par des [&hellip;]<\/p>\n","protected":false},"author":1,"featured_media":0,"parent":0,"menu_order":55,"comment_status":"closed","ping_status":"closed","template":"","meta":{"_et_pb_use_builder":"on","_et_pb_old_content":"<!-- wp:divi\/placeholder \/-->","_et_gb_content_width":"","footnotes":""},"class_list":["post-1931","page","type-page","status-publish","hentry"],"yoast_head":"<!-- This site is optimized with the Yoast SEO plugin v27.4 - https:\/\/yoast.com\/product\/yoast-seo-wordpress\/ -->\n<title>Exemples de cr\u00e9ations en granit pour vos ronds-points<\/title>\n<meta name=\"description\" content=\"D\u00e9couvrez ici quelques exemples de conceptions que nous pouvons vous proposer, et d\u00e9couvrez-les en images dans leur environnement final\" \/>\n<meta name=\"robots\" content=\"index, follow, max-snippet:-1, max-image-preview:large, max-video-preview:-1\" \/>\n<link rel=\"canonical\" href=\"https:\/\/ronds-points.ch\/de\/wie-oder-was-3\/\" \/>\n<meta property=\"og:locale\" content=\"de_DE\" \/>\n<meta property=\"og:type\" content=\"article\" \/>\n<meta property=\"og:title\" content=\"Exemples de cr\u00e9ations en granit pour vos ronds-points\" \/>\n<meta property=\"og:description\" content=\"D\u00e9couvrez ici quelques exemples de conceptions que nous pouvons vous proposer, et d\u00e9couvrez-les en images dans leur environnement final\" \/>\n<meta property=\"og:url\" content=\"https:\/\/ronds-points.ch\/de\/wie-oder-was-3\/\" \/>\n<meta property=\"og:site_name\" content=\"Ronds Points\" \/>\n<meta property=\"article:modified_time\" content=\"2023-10-16T03:10:47+00:00\" \/>\n<meta property=\"og:image\" content=\"https:\/\/ronds-points.ch\/wp-content\/uploads\/2023\/10\/2023-10-16_10h06_53-300x167.png\" \/>\n<meta name=\"twitter:card\" content=\"summary_large_image\" \/>\n<meta name=\"twitter:label1\" content=\"Gesch\u00e4tzte Lesezeit\" \/>\n\t<meta name=\"twitter:data1\" content=\"3\u00a0Minuten\" \/>\n<script type=\"application\/ld+json\" class=\"yoast-schema-graph\">{\"@context\":\"https:\\\/\\\/schema.org\",\"@graph\":[{\"@type\":\"WebPage\",\"@id\":\"https:\\\/\\\/ronds-points.ch\\\/presse\\\/\",\"url\":\"https:\\\/\\\/ronds-points.ch\\\/presse\\\/\",\"name\":\"Exemples de cr\u00e9ations en granit pour vos ronds-points\",\"isPartOf\":{\"@id\":\"https:\\\/\\\/ronds-points.ch\\\/#website\"},\"primaryImageOfPage\":{\"@id\":\"https:\\\/\\\/ronds-points.ch\\\/presse\\\/#primaryimage\"},\"image\":{\"@id\":\"https:\\\/\\\/ronds-points.ch\\\/presse\\\/#primaryimage\"},\"thumbnailUrl\":\"https:\\\/\\\/ronds-points.ch\\\/wp-content\\\/uploads\\\/2023\\\/10\\\/2023-10-16_10h06_53-300x167.png\",\"datePublished\":\"2023-07-03T05:08:26+00:00\",\"dateModified\":\"2023-10-16T03:10:47+00:00\",\"description\":\"D\u00e9couvrez ici quelques exemples de conceptions que nous pouvons vous proposer, et d\u00e9couvrez-les en images dans leur environnement final\",\"breadcrumb\":{\"@id\":\"https:\\\/\\\/ronds-points.ch\\\/presse\\\/#breadcrumb\"},\"inLanguage\":\"de\",\"potentialAction\":[{\"@type\":\"ReadAction\",\"target\":[\"https:\\\/\\\/ronds-points.ch\\\/presse\\\/\"]}]},{\"@type\":\"ImageObject\",\"inLanguage\":\"de\",\"@id\":\"https:\\\/\\\/ronds-points.ch\\\/presse\\\/#primaryimage\",\"url\":\"https:\\\/\\\/ronds-points.ch\\\/wp-content\\\/uploads\\\/2023\\\/10\\\/2023-10-16_10h06_53-300x167.png\",\"contentUrl\":\"https:\\\/\\\/ronds-points.ch\\\/wp-content\\\/uploads\\\/2023\\\/10\\\/2023-10-16_10h06_53-300x167.png\"},{\"@type\":\"BreadcrumbList\",\"@id\":\"https:\\\/\\\/ronds-points.ch\\\/presse\\\/#breadcrumb\",\"itemListElement\":[{\"@type\":\"ListItem\",\"position\":1,\"name\":\"Accueil\",\"item\":\"https:\\\/\\\/ronds-points.ch\\\/\"},{\"@type\":\"ListItem\",\"position\":2,\"name\":\"Presse\"}]},{\"@type\":\"WebSite\",\"@id\":\"https:\\\/\\\/ronds-points.ch\\\/#website\",\"url\":\"https:\\\/\\\/ronds-points.ch\\\/\",\"name\":\"Ronds Points\",\"description\":\"Etude, cr\u00e9ation, fourniture et r\u00e9alisation de vos futurs ronds-points\",\"publisher\":{\"@id\":\"https:\\\/\\\/ronds-points.ch\\\/#organization\"},\"potentialAction\":[{\"@type\":\"SearchAction\",\"target\":{\"@type\":\"EntryPoint\",\"urlTemplate\":\"https:\\\/\\\/ronds-points.ch\\\/?s={search_term_string}\"},\"query-input\":{\"@type\":\"PropertyValueSpecification\",\"valueRequired\":true,\"valueName\":\"search_term_string\"}}],\"inLanguage\":\"de\"},{\"@type\":\"Organization\",\"@id\":\"https:\\\/\\\/ronds-points.ch\\\/#organization\",\"name\":\"Aux Arts de la Pierre\",\"url\":\"https:\\\/\\\/ronds-points.ch\\\/\",\"logo\":{\"@type\":\"ImageObject\",\"inLanguage\":\"de\",\"@id\":\"https:\\\/\\\/ronds-points.ch\\\/#\\\/schema\\\/logo\\\/image\\\/\",\"url\":\"https:\\\/\\\/ronds-points.ch\\\/wp-content\\\/uploads\\\/2021\\\/01\\\/LG-K-aap.jpg\",\"contentUrl\":\"https:\\\/\\\/ronds-points.ch\\\/wp-content\\\/uploads\\\/2021\\\/01\\\/LG-K-aap.jpg\",\"width\":469,\"height\":469,\"caption\":\"Aux Arts de la Pierre\"},\"image\":{\"@id\":\"https:\\\/\\\/ronds-points.ch\\\/#\\\/schema\\\/logo\\\/image\\\/\"}}]}<\/script>\n<!-- \/ Yoast SEO plugin. -->","yoast_head_json":{"title":"Beispiele f\u00fcr Granitkreationen f\u00fcr Ihre Kreisverkehre","description":"Entdecken Sie hier einige Designbeispiele, die wir Ihnen anbieten k\u00f6nnen, und entdecken Sie sie in Bildern in ihrer endg\u00fcltigen Umgebung","robots":{"index":"index","follow":"follow","max-snippet":"max-snippet:-1","max-image-preview":"max-image-preview:large","max-video-preview":"max-video-preview:-1"},"canonical":"https:\/\/ronds-points.ch\/de\/wie-oder-was-3\/","og_locale":"de_DE","og_type":"article","og_title":"Exemples de cr\u00e9ations en granit pour vos ronds-points","og_description":"D\u00e9couvrez ici quelques exemples de conceptions que nous pouvons vous proposer, et d\u00e9couvrez-les en images dans leur environnement final","og_url":"https:\/\/ronds-points.ch\/de\/wie-oder-was-3\/","og_site_name":"Ronds Points","article_modified_time":"2023-10-16T03:10:47+00:00","og_image":[{"url":"https:\/\/ronds-points.ch\/wp-content\/uploads\/2023\/10\/2023-10-16_10h06_53-300x167.png","type":"","width":"","height":""}],"twitter_card":"summary_large_image","twitter_misc":{"Gesch\u00e4tzte Lesezeit":"3\u00a0Minuten"},"schema":{"@context":"https:\/\/schema.org","@graph":[{"@type":"WebPage","@id":"https:\/\/ronds-points.ch\/presse\/","url":"https:\/\/ronds-points.ch\/presse\/","name":"Beispiele f\u00fcr Granitkreationen f\u00fcr Ihre Kreisverkehre","isPartOf":{"@id":"https:\/\/ronds-points.ch\/#website"},"primaryImageOfPage":{"@id":"https:\/\/ronds-points.ch\/presse\/#primaryimage"},"image":{"@id":"https:\/\/ronds-points.ch\/presse\/#primaryimage"},"thumbnailUrl":"https:\/\/ronds-points.ch\/wp-content\/uploads\/2023\/10\/2023-10-16_10h06_53-300x167.png","datePublished":"2023-07-03T05:08:26+00:00","dateModified":"2023-10-16T03:10:47+00:00","description":"Entdecken Sie hier einige Designbeispiele, die wir Ihnen anbieten k\u00f6nnen, und entdecken Sie sie in Bildern in ihrer endg\u00fcltigen Umgebung","breadcrumb":{"@id":"https:\/\/ronds-points.ch\/presse\/#breadcrumb"},"inLanguage":"de","potentialAction":[{"@type":"ReadAction","target":["https:\/\/ronds-points.ch\/presse\/"]}]},{"@type":"ImageObject","inLanguage":"de","@id":"https:\/\/ronds-points.ch\/presse\/#primaryimage","url":"https:\/\/ronds-points.ch\/wp-content\/uploads\/2023\/10\/2023-10-16_10h06_53-300x167.png","contentUrl":"https:\/\/ronds-points.ch\/wp-content\/uploads\/2023\/10\/2023-10-16_10h06_53-300x167.png"},{"@type":"BreadcrumbList","@id":"https:\/\/ronds-points.ch\/presse\/#breadcrumb","itemListElement":[{"@type":"ListItem","position":1,"name":"Accueil","item":"https:\/\/ronds-points.ch\/"},{"@type":"ListItem","position":2,"name":"Presse"}]},{"@type":"WebSite","@id":"https:\/\/ronds-points.ch\/#website","url":"https:\/\/ronds-points.ch\/","name":"Kreisverkehre","description":"Studie, Erstellung, Lieferung und Bau Ihrer zuk\u00fcnftigen Kreisverkehre","publisher":{"@id":"https:\/\/ronds-points.ch\/#organization"},"potentialAction":[{"@type":"SearchAction","target":{"@type":"EntryPoint","urlTemplate":"https:\/\/ronds-points.ch\/?s={search_term_string}"},"query-input":{"@type":"PropertyValueSpecification","valueRequired":true,"valueName":"search_term_string"}}],"inLanguage":"de"},{"@type":"Organization","@id":"https:\/\/ronds-points.ch\/#organization","name":"Zu den Steink\u00fcnsten","url":"https:\/\/ronds-points.ch\/","logo":{"@type":"ImageObject","inLanguage":"de","@id":"https:\/\/ronds-points.ch\/#\/schema\/logo\/image\/","url":"https:\/\/ronds-points.ch\/wp-content\/uploads\/2021\/01\/LG-K-aap.jpg","contentUrl":"https:\/\/ronds-points.ch\/wp-content\/uploads\/2021\/01\/LG-K-aap.jpg","width":469,"height":469,"caption":"Aux Arts de la Pierre"},"image":{"@id":"https:\/\/ronds-points.ch\/#\/schema\/logo\/image\/"}}]}},"_links":{"self":[{"href":"https:\/\/ronds-points.ch\/de\/wp-json\/wp\/v2\/pages\/1931","targetHints":{"allow":["GET"]}}],"collection":[{"href":"https:\/\/ronds-points.ch\/de\/wp-json\/wp\/v2\/pages"}],"about":[{"href":"https:\/\/ronds-points.ch\/de\/wp-json\/wp\/v2\/types\/page"}],"author":[{"embeddable":true,"href":"https:\/\/ronds-points.ch\/de\/wp-json\/wp\/v2\/users\/1"}],"replies":[{"embeddable":true,"href":"https:\/\/ronds-points.ch\/de\/wp-json\/wp\/v2\/comments?post=1931"}],"version-history":[{"count":4,"href":"https:\/\/ronds-points.ch\/de\/wp-json\/wp\/v2\/pages\/1931\/revisions"}],"predecessor-version":[{"id":1955,"href":"https:\/\/ronds-points.ch\/de\/wp-json\/wp\/v2\/pages\/1931\/revisions\/1955"}],"wp:attachment":[{"href":"https:\/\/ronds-points.ch\/de\/wp-json\/wp\/v2\/media?parent=1931"}],"curies":[{"name":"wp","href":"https:\/\/api.w.org\/{rel}","templated":true}]}}